{"version":"1.0","provider_name":"Il Notiziario","provider_url":"https:\/\/www.ilnotiziario.net\/wp","author_name":"Stefano Di Maria","author_url":"https:\/\/www.ilnotiziario.net\/wp\/author\/stefano-di-maria\/","title":"Il meteorologo Andrea Giuliacci ospite a Origgio: parler\u00e0 di cambiamenti climatici - Il Notiziario","type":"rich","width":600,"height":338,"html":"<blockquote class=\"wp-embedded-content\" data-secret=\"ieZuQ06RW7\"><a href=\"https:\/\/www.ilnotiziario.net\/wp\/prima-pagina\/il-meteorologo-andrea-giuliacci-ospite-a-origgio\/\">Il meteorologo Andrea Giuliacci ospite a Origgio: parler\u00e0 di cambiamenti climatici<\/a><\/blockquote><iframe sandbox=\"allow-scripts\" security=\"restricted\" src=\"https:\/\/www.ilnotiziario.net\/wp\/prima-pagina\/il-meteorologo-andrea-giuliacci-ospite-a-origgio\/embed\/#?secret=ieZuQ06RW7\" width=\"600\" height=\"338\" title=\"&#8220;Il meteorologo Andrea Giuliacci ospite a Origgio: parler\u00e0 di cambiamenti climatici&#8221; &#8212; Il Notiziario\" data-secret=\"ieZuQ06RW7\" frameborder=\"0\" marginwidth=\"0\" marginheight=\"0\" scrolling=\"no\" class=\"wp-embedded-content\"><\/iframe><script type=\"text\/javascript\">\n\/* <![CDATA[ *\/\n\/*! This file is auto-generated *\/\n!function(d,l){\"use strict\";l.querySelector&&d.addEventListener&&\"undefined\"!=typeof URL&&(d.wp=d.wp||{},d.wp.receiveEmbedMessage||(d.wp.receiveEmbedMessage=function(e){var t=e.data;if((t||t.secret||t.message||t.value)&&!\/[^a-zA-Z0-9]\/.test(t.secret)){for(var s,r,n,a=l.querySelectorAll('iframe[data-secret=\"'+t.secret+'\"]'),o=l.querySelectorAll('blockquote[data-secret=\"'+t.secret+'\"]'),c=new RegExp(\"^https?:$\",\"i\"),i=0;i<o.length;i++)o[i].style.display=\"none\";for(i=0;i<a.length;i++)s=a[i],e.source===s.contentWindow&&(s.removeAttribute(\"style\"),\"height\"===t.message?(1e3<(r=parseInt(t.value,10))?r=1e3:~~r<200&&(r=200),s.height=r):\"link\"===t.message&&(r=new URL(s.getAttribute(\"src\")),n=new URL(t.value),c.test(n.protocol))&&n.host===r.host&&l.activeElement===s&&(d.top.location.href=t.value))}},d.addEventListener(\"message\",d.wp.receiveEmbedMessage,!1),l.addEventListener(\"DOMContentLoaded\",function(){for(var e,t,s=l.querySelectorAll(\"iframe.wp-embedded-content\"),r=0;r<s.length;r++)(t=(e=s[r]).getAttribute(\"data-secret\"))||(t=Math.random().toString(36).substring(2,12),e.src+=\"#?secret=\"+t,e.setAttribute(\"data-secret\",t)),e.contentWindow.postMessage({message:\"ready\",secret:t},\"*\")},!1)))}(window,document);\n\/\/# sourceURL=https:\/\/www.ilnotiziario.net\/wp\/wp-includes\/js\/wp-embed.min.js\n\/* ]]> *\/\n<\/script>\n","thumbnail_url":"https:\/\/www.ilnotiziario.net\/wp\/wp-content\/uploads\/2020\/09\/10624967_10205098054912148_8908248706795109505_n.jpg","thumbnail_width":720,"thumbnail_height":576,"description":"Il meteorologo e professore di Fisica dell\u2019atmosfera all\u2019Universit\u00e0 Bicocca Andrea Giuliacci, volto noto delle previsioni in tv, terr\u00e0 domani sera, alle La campagna elettorale di Origgio ospita il meteorologico televisivo Andrea Giuliacci, che parler\u00e0 di cambiamenti climatici"}